{"id":97,"date":"2021-12-17T14:06:03","date_gmt":"2021-12-17T14:06:03","guid":{"rendered":"https:\/\/www.parlautam.com\/en\/?post_type=dt_team&#038;p=97"},"modified":"2021-12-21T13:57:38","modified_gmt":"2021-12-21T13:57:38","slug":"arb-doc-dr-ersin-erdogan","status":"publish","type":"dt_team","link":"https:\/\/www.parlautam.com\/en\/team\/arb-doc-dr-ersin-erdogan\/","title":{"rendered":"Arb. Do\u00e7. Dr. Ersin Erdo\u011fan"},"content":{"rendered":"\t\t<div data-elementor-type=\"wp-post\" data-elementor-id=\"97\" class=\"elementor elementor-97\">\n\t\t\t\t\t\t\t\t\t<section class=\"elementor-section elementor-top-section elementor-element elementor-element-dc95b1e elementor-section-boxed elementor-section-height-default elementor-section-height-default\" data-id=\"dc95b1e\" data-element_type=\"section\">\n\t\t\t\t\t\t<div class=\"elementor-container elementor-column-gap-default\">\n\t\t\t\t\t<div class=\"elementor-column elementor-col-100 elementor-top-column elementor-element elementor-element-ca62633\" data-id=\"ca62633\" data-element_type=\"column\">\n\t\t\t<div class=\"elementor-widget-wrap elementor-element-populated\">\n\t\t\t\t\t\t\t\t<div class=\"elementor-element elementor-element-5a4d729 elementor-widget elementor-widget-theme-post-title elementor-page-title elementor-widget-heading\" data-id=\"5a4d729\" data-element_type=\"widget\" data-widget_type=\"theme-post-title.default\">\n\t\t\t\t<div class=\"elementor-widget-container\">\n\t\t\t<h1 class=\"elementor-heading-title elementor-size-default\">Arb. Do\u00e7. Dr. Ersin Erdo\u011fan<\/h1>\t\t<\/div>\n\t\t\t\t<\/div>\n\t\t\t\t\t<\/div>\n\t\t<\/div>\n\t\t\t\t\t\t\t<\/div>\n\t\t<\/section>\n\t\t\t\t<section class=\"elementor-section elementor-top-section elementor-element elementor-element-9f374af elementor-section-boxed elementor-section-height-default elementor-section-height-default\" data-id=\"9f374af\" data-element_type=\"section\">\n\t\t\t\t\t\t<div class=\"elementor-container elementor-column-gap-default\">\n\t\t\t\t\t<div class=\"elementor-column elementor-col-33 elementor-top-column elementor-element elementor-element-91dd134\" data-id=\"91dd134\" data-element_type=\"column\">\n\t\t\t<div class=\"elementor-widget-wrap elementor-element-populated\">\n\t\t\t\t\t\t\t\t<div class=\"elementor-element elementor-element-5d100ea elementor-position-top elementor-vertical-align-top elementor-widget elementor-widget-image-box\" data-id=\"5d100ea\" data-element_type=\"widget\" data-widget_type=\"image-box.default\">\n\t\t\t\t<div class=\"elementor-widget-container\">\n\t\t\t<div class=\"elementor-image-box-wrapper\"><figure class=\"elementor-image-box-img\"><img loading=\"lazy\" decoding=\"async\" width=\"500\" height=\"500\" src=\"https:\/\/www.parlautam.com\/en\/wp-content\/uploads\/2021\/12\/eerdogan.jpg\" class=\"attachment-full size-full\" alt=\"\" \/><\/figure><div class=\"elementor-image-box-content\"><h3 class=\"elementor-image-box-title\">Arb. Do\u00e7. Dr. Ersin Erdo\u011fan<\/h3><p class=\"elementor-image-box-description\">+90 312 220 07 27<br>\nerdogan@gunayerdogan.com.tr<\/p><\/div><\/div>\t\t<\/div>\n\t\t\t\t<\/div>\n\t\t\t\t\t<\/div>\n\t\t<\/div>\n\t\t\t\t<div class=\"elementor-column elementor-col-66 elementor-top-column elementor-element elementor-element-aacfeac\" data-id=\"aacfeac\" data-element_type=\"column\">\n\t\t\t<div class=\"elementor-widget-wrap elementor-element-populated\">\n\t\t\t\t\t\t\t\t<div class=\"elementor-element elementor-element-6dfad84c elementor-widget elementor-widget-text-editor\" data-id=\"6dfad84c\" data-element_type=\"widget\" data-widget_type=\"text-editor.default\">\n\t\t\t\t<div class=\"elementor-widget-container\">\n\t\t\t\t\t\t\t<p>Arb. Do\u00e7. Dr. Ersin Erdo\u011fan Bilkent \u00dcniversitesi Hukuk Fak\u00fcltesi\u2019nden mezun olan Ersin Erdo\u011fan, y\u00fcksek lisans ve doktoras\u0131n\u0131 \u0130.D. Bilkent \u00dcniversitesi Ekonomi ve Sosyal Bilimler Enstit\u00fcs\u00fcnde tamamlam\u0131\u015ft\u0131r. Alternatif Uyu\u015fmazl\u0131k \u00c7\u00f6z\u00fcmleri ve Arabuluculuk konusunda Dr. Erdo\u011fan, hem teorik olarak hem de uygulama alan\u0131nda bilgi ve tecr\u00fcbe sahibidir.<\/p><p>Dr. Erdo\u011fan, ADR ve tahkime ili\u015fkin \u00fc\u00e7 adet kitab\u0131n yazar\u0131d\u0131r. 2016 y\u0131l\u0131nda Nurbanu Erzurumlu ile \u201cT\u00fcrkiye\u2019nin Arabuluculuk Tecr\u00fcbesi ve Zorunlu Arabuluculuk Tasla\u011f\u0131\u201d kitab\u0131n\u0131 yazan Erdo\u011fan, 2020 y\u0131l\u0131nda ise Do\u00e7. Dr. Cafer Emino\u011flu ile birlikte \u201cTicari Uyu\u015fmazl\u0131klarda \u0130htiyari ve Dava \u015eart\u0131 (Zorunlu) Arabuluculuk\u201d kitab\u0131n\u0131 yay\u0131nlam\u0131\u015ft\u0131r. Dr. Erdo\u011fan taraf\u0131ndan ilk olarak 2017 y\u0131l\u0131nda kalem al\u0131nan ve 2020 y\u0131l\u0131nda ikinci bask\u0131s\u0131 yap\u0131lan \u201cHakem Kararlar\u0131n\u0131n Kesin H\u00fck\u00fcm\u00a0 Etkisi\u201d ba\u015fl\u0131kl\u0131 kitap ise 2020 y\u0131l\u0131nda T\u00dcBA taraf\u0131ndan, Telif Eser \u00d6d\u00fcl\u00fc\u2019ne lay\u0131k g\u00f6r\u00fclm\u00fc\u015ft\u00fcr. Dr. Erdo\u011fan\u2019\u0131n ayr\u0131ca arabuluculuk ve tahkime ili\u015fkin \u00e7ok say\u0131da makalesi bulunmaktad\u0131r.<\/p><p>Dr. Erdo\u011fan, akademik \u00e7al\u0131\u015fmalar\u0131n\u0131n yan\u0131nda, 2015 y\u0131l\u0131ndan itibaren Ankara Y\u0131ld\u0131r\u0131m Beyaz\u0131t \u00dcniversitesi b\u00fcnyesinde arabuluculuk temel e\u011fitimlerinin koordinasyonunu y\u00fcr\u00fctt\u00fc\u011f\u00fc gibi e\u011fitici olarak yakla\u015f\u0131k 2.000 arabulucunun e\u011fitimine kat\u0131lm\u0131\u015ft\u0131r. Dr. Erdo\u011fan, ayr\u0131ca 13 \u00dcniversite ve Adalet Bakanl\u0131\u011f\u0131 taraf\u0131ndan imzalanan Hukuk Uyu\u015fmazl\u0131klar\u0131nda Arabuluculuk Hukuk Klini\u011fi projesinde de fak\u00fclte koordinat\u00f6r\u00fc olarak \u00e7al\u0131\u015fm\u0131\u015ft\u0131r.<\/p><p>Dr. Erdo\u011fan, arabuluculuk konusunda, ilk derece ve b\u00f6lge adliye mahkemelerine y\u00f6nelik \u00e7e\u015fitli meslek i\u00e7i seminerlerde konu\u015fmac\u0131 olarak yer ald\u0131\u011f\u0131 gibi avukatlara y\u00f6nelik toplant\u0131larda da tebli\u011f sunmu\u015ftur.<\/p><p>Dr. Erdo\u011fan, Avrupa Konseyi ve Sida\u2019n\u0131n da destek\u00e7isi oldu\u011fu T\u00fcrkiye\u2019de Hukuk Uyu\u015fmazl\u0131klar\u0131nda Arabuluculu\u011fun Geli\u015ftirilmesi Projesi\u2019nde Konsey dan\u0131\u015fman\u0131 ve raport\u00f6r s\u0131fat\u0131yla g\u00f6rev yapm\u0131\u015ft\u0131r.<\/p>\t\t\t\t\t\t<\/div>\n\t\t\t\t<\/div>\n\t\t\t\t\t<\/div>\n\t\t<\/div>\n\t\t\t\t\t\t\t<\/div>\n\t\t<\/section>\n\t\t\t\t\t\t\t<\/div>\n\t\t","protected":false},"excerpt":{"rendered":"<p>Arb. Do\u00e7. Dr. Ersin Erdo\u011fan +90 312 220 07 27 erdogan@gunayerdogan.com.tr Arb. Do\u00e7. Dr. Ersin Erdo\u011fan Bilkent \u00dcniversitesi Hukuk Fak\u00fcltesi\u2019nden mezun olan Ersin Erdo\u011fan, y\u00fcksek lisans ve doktoras\u0131n\u0131 \u0130.D. Bilkent \u00dcniversitesi Ekonomi ve Sosyal Bilimler Enstit\u00fcs\u00fcnde tamamlam\u0131\u015ft\u0131r. Alternatif Uyu\u015fmazl\u0131k \u00c7\u00f6z\u00fcmleri ve Arabuluculuk konusunda Dr. Erdo\u011fan, hem teorik olarak hem de uygulama alan\u0131nda bilgi ve tecr\u00fcbe&hellip;<\/p>\n","protected":false},"featured_media":98,"comment_status":"closed","ping_status":"closed","template":"","dt_team_category":[],"class_list":["post-97","dt_team","type-dt_team","status-publish","has-post-thumbnail","hentry"],"_links":{"self":[{"href":"https:\/\/www.parlautam.com\/en\/wp-json\/wp\/v2\/dt_team\/97","targetHints":{"allow":["GET"]}}],"collection":[{"href":"https:\/\/www.parlautam.com\/en\/wp-json\/wp\/v2\/dt_team"}],"about":[{"href":"https:\/\/www.parlautam.com\/en\/wp-json\/wp\/v2\/types\/dt_team"}],"replies":[{"embeddable":true,"href":"https:\/\/www.parlautam.com\/en\/wp-json\/wp\/v2\/comments?post=97"}],"version-history":[{"count":0,"href":"https:\/\/www.parlautam.com\/en\/wp-json\/wp\/v2\/dt_team\/97\/revisions"}],"wp:featuredmedia":[{"embeddable":true,"href":"https:\/\/www.parlautam.com\/en\/wp-json\/wp\/v2\/media\/98"}],"wp:attachment":[{"href":"https:\/\/www.parlautam.com\/en\/wp-json\/wp\/v2\/media?parent=97"}],"wp:term":[{"taxonomy":"dt_team_category","embeddable":true,"href":"https:\/\/www.parlautam.com\/en\/wp-json\/wp\/v2\/dt_team_category?post=97"}],"curies":[{"name":"wp","href":"https:\/\/api.w.org\/{rel}","templated":true}]}}